{"id":583,"date":"2023-07-21T16:11:31","date_gmt":"2023-07-21T14:11:31","guid":{"rendered":"https:\/\/radekvonhirschberg.eu\/?post_type=exhibitions&#038;p=583"},"modified":"2024-06-01T17:24:27","modified_gmt":"2024-06-01T15:24:27","slug":"wystawa-swiaty-niemozliwe","status":"publish","type":"exhibitions","link":"https:\/\/radekvonhirschberg.eu\/pl\/exhibitions\/wystawa-swiaty-niemozliwe\/","title":{"rendered":"Wystawa | \u015awiaty (nie)mo\u017cliwe &#8211; Warszawa, 2021"},"content":{"rendered":"\n<div class=\"is-layout-flex wp-container-3 wp-block-columns are-vertically-aligned-center\">\n<div class=\"is-layout-flow wp-block-column is-vertically-aligned-center\" style=\"flex-basis:30%\"><div class=\"wp-block-image\">\n<figure class=\"aligncenter size-full\"><img decoding=\"async\" width=\"2048\" height=\"2048\" src=\"https:\/\/radekvonhirschberg.eu\/wp-content\/uploads\/2021\/11\/swiaty-niemozliwe.jpg\" alt=\"\" class=\"wp-image-566\" srcset=\"https:\/\/radekvonhirschberg.eu\/wp-content\/uploads\/2021\/11\/swiaty-niemozliwe.jpg 2048w, https:\/\/radekvonhirschberg.eu\/wp-content\/uploads\/2021\/11\/swiaty-niemozliwe-300x300.jpg 300w, https:\/\/radekvonhirschberg.eu\/wp-content\/uploads\/2021\/11\/swiaty-niemozliwe-1024x1024.jpg 1024w, https:\/\/radekvonhirschberg.eu\/wp-content\/uploads\/2021\/11\/swiaty-niemozliwe-490x490.jpg 490w, https:\/\/radekvonhirschberg.eu\/wp-content\/uploads\/2021\/11\/swiaty-niemozliwe-768x768.jpg 768w, https:\/\/radekvonhirschberg.eu\/wp-content\/uploads\/2021\/11\/swiaty-niemozliwe-1536x1536.jpg 1536w, https:\/\/radekvonhirschberg.eu\/wp-content\/uploads\/2021\/11\/swiaty-niemozliwe-150x150.jpg 150w\" sizes=\"(max-width: 2048px) 100vw, 2048px\" \/><\/figure><\/div><\/div>\n\n\n\n<div class=\"is-layout-flow wp-block-column is-vertically-aligned-center\" style=\"flex-basis:600px\">\n<p>Wystawa \u201e\u015awiaty (nie)mo\u017cliwe\u201d zorganizowana we wsp\u00f3\u0142pracy Fundacji Nova Ars Poloniae &amp; Ciemna Strona Sztuki \u2013 Dark Side of Art w otwartej przestrzeni<a href=\"https:\/\/koneser.eu\/\"> <strong><mark style=\"background-color:rgba(0, 0, 0, 0)\" class=\"has-inline-color has-vivid-red-color\">Centrum Praskiego Koneser<\/mark><\/strong><\/a>.<\/p>\n\n\n\n<p><strong>(7-30 wrze\u015bnia 2021 r.)<\/strong><\/p>\n\n\n\n<p>Wi\u0119cej informacji <a href=\"https:\/\/www.facebook.com\/events\/1191328191376337\/\"><strong><mark style=\"background-color:rgba(0, 0, 0, 0)\" class=\"has-inline-color has-vivid-red-color\">\u015awiaty (nie)mo\u017cliwe &#8211; wystawa &#8211; Warszawa<\/mark><\/strong><\/a><\/p>\n<\/div>\n<\/div>\n\n\n\n<figure class=\"is-layout-flex wp-block-gallery-4 wp-block-gallery has-nested-images columns-1 is-cropped\">\n<figure class=\"wp-block-image size-full is-style-default\"><a  href=\"https:\/\/radekvonhirschberg.eu\/wp-content\/uploads\/2024\/05\/img_20210910_120706.jpg\" data-rel=\"lightbox-gallery-0\" data-rl_title=\"\" data-rl_caption=\"\" title=\"\"><img decoding=\"async\" width=\"1024\" height=\"683\" data-id=\"15948\"  src=\"https:\/\/radekvonhirschberg.eu\/wp-content\/uploads\/2024\/05\/img_20210910_120706.jpg\" alt=\"\" class=\"wp-image-15948\" srcset=\"https:\/\/radekvonhirschberg.eu\/wp-content\/uploads\/2024\/05\/img_20210910_120706.jpg 1024w, https:\/\/radekvonhirschberg.eu\/wp-content\/uploads\/2024\/05\/img_20210910_120706-300x200.jpg 300w, https:\/\/radekvonhirschberg.eu\/wp-content\/uploads\/2024\/05\/img_20210910_120706-490x327.jpg 490w, https:\/\/radekvonhirschberg.eu\/wp-content\/uploads\/2024\/05\/img_20210910_120706-768x512.jpg 768w\" sizes=\"(max-width: 1024px) 100vw, 1024px\" \/><\/a><\/figure>\n\n\n\n<figure class=\"wp-block-image size-full is-style-default\"><a  href=\"https:\/\/radekvonhirschberg.eu\/wp-content\/uploads\/2024\/05\/img_20210910_120640.jpg\" data-rel=\"lightbox-gallery-0\" data-rl_title=\"\" data-rl_caption=\"\" title=\"\"><img decoding=\"async\" width=\"1024\" height=\"683\" data-id=\"15946\"  src=\"https:\/\/radekvonhirschberg.eu\/wp-content\/uploads\/2024\/05\/img_20210910_120640.jpg\" alt=\"\" class=\"wp-image-15946\" srcset=\"https:\/\/radekvonhirschberg.eu\/wp-content\/uploads\/2024\/05\/img_20210910_120640.jpg 1024w, https:\/\/radekvonhirschberg.eu\/wp-content\/uploads\/2024\/05\/img_20210910_120640-300x200.jpg 300w, https:\/\/radekvonhirschberg.eu\/wp-content\/uploads\/2024\/05\/img_20210910_120640-490x327.jpg 490w, https:\/\/radekvonhirschberg.eu\/wp-content\/uploads\/2024\/05\/img_20210910_120640-768x512.jpg 768w\" sizes=\"(max-width: 1024px) 100vw, 1024px\" \/><\/a><\/figure>\n\n\n\n<figure class=\"wp-block-image size-full is-style-default\"><a  href=\"https:\/\/radekvonhirschberg.eu\/wp-content\/uploads\/2024\/05\/img_20210910_120737.jpg\" data-rel=\"lightbox-gallery-0\" data-rl_title=\"\" data-rl_caption=\"\" title=\"\"><img decoding=\"async\" width=\"1024\" height=\"683\" data-id=\"15942\"  src=\"https:\/\/radekvonhirschberg.eu\/wp-content\/uploads\/2024\/05\/img_20210910_120737.jpg\" alt=\"\" class=\"wp-image-15942\" srcset=\"https:\/\/radekvonhirschberg.eu\/wp-content\/uploads\/2024\/05\/img_20210910_120737.jpg 1024w, https:\/\/radekvonhirschberg.eu\/wp-content\/uploads\/2024\/05\/img_20210910_120737-300x200.jpg 300w, https:\/\/radekvonhirschberg.eu\/wp-content\/uploads\/2024\/05\/img_20210910_120737-490x327.jpg 490w, https:\/\/radekvonhirschberg.eu\/wp-content\/uploads\/2024\/05\/img_20210910_120737-768x512.jpg 768w\" sizes=\"(max-width: 1024px) 100vw, 1024px\" \/><\/a><\/figure>\n\n\n\n<figure class=\"wp-block-image size-full is-style-default\"><a  href=\"https:\/\/radekvonhirschberg.eu\/wp-content\/uploads\/2024\/05\/img_20210910_120722.jpg\" data-rel=\"lightbox-gallery-0\" data-rl_title=\"\" data-rl_caption=\"\" title=\"\"><img decoding=\"async\" width=\"1024\" height=\"683\" data-id=\"15944\"  src=\"https:\/\/radekvonhirschberg.eu\/wp-content\/uploads\/2024\/05\/img_20210910_120722.jpg\" alt=\"\" class=\"wp-image-15944\" srcset=\"https:\/\/radekvonhirschberg.eu\/wp-content\/uploads\/2024\/05\/img_20210910_120722.jpg 1024w, https:\/\/radekvonhirschberg.eu\/wp-content\/uploads\/2024\/05\/img_20210910_120722-300x200.jpg 300w, https:\/\/radekvonhirschberg.eu\/wp-content\/uploads\/2024\/05\/img_20210910_120722-490x327.jpg 490w, https:\/\/radekvonhirschberg.eu\/wp-content\/uploads\/2024\/05\/img_20210910_120722-768x512.jpg 768w\" sizes=\"(max-width: 1024px) 100vw, 1024px\" \/><\/a><\/figure>\n\n\n\n<figure class=\"wp-block-image size-full is-style-default\"><a  href=\"https:\/\/radekvonhirschberg.eu\/wp-content\/uploads\/2021\/11\/swiaty-niemozliwe-1.-1.jpg\" data-rel=\"lightbox-gallery-0\" data-rl_title=\"\" data-rl_caption=\"\" title=\"\"><img decoding=\"async\" width=\"768\" height=\"1024\" data-id=\"569\"  src=\"https:\/\/radekvonhirschberg.eu\/wp-content\/uploads\/2021\/11\/swiaty-niemozliwe-1.-1.jpg\" alt=\"\" class=\"wp-image-569\" srcset=\"https:\/\/radekvonhirschberg.eu\/wp-content\/uploads\/2021\/11\/swiaty-niemozliwe-1.-1.jpg 768w, https:\/\/radekvonhirschberg.eu\/wp-content\/uploads\/2021\/11\/swiaty-niemozliwe-1.-1-225x300.jpg 225w\" sizes=\"(max-width: 768px) 100vw, 768px\" \/><\/a><\/figure>\n\n\n\n<figure class=\"wp-block-image size-full is-style-default\"><a  href=\"https:\/\/radekvonhirschberg.eu\/wp-content\/uploads\/2021\/11\/swiaty-niemozliwe-2.jpg\" data-rel=\"lightbox-gallery-0\" data-rl_title=\"\" data-rl_caption=\"\" title=\"\"><img decoding=\"async\" width=\"768\" height=\"1024\" data-id=\"571\"  src=\"https:\/\/radekvonhirschberg.eu\/wp-content\/uploads\/2021\/11\/swiaty-niemozliwe-2.jpg\" alt=\"\" class=\"wp-image-571\" srcset=\"https:\/\/radekvonhirschberg.eu\/wp-content\/uploads\/2021\/11\/swiaty-niemozliwe-2.jpg 768w, https:\/\/radekvonhirschberg.eu\/wp-content\/uploads\/2021\/11\/swiaty-niemozliwe-2-225x300.jpg 225w\" sizes=\"(max-width: 768px) 100vw, 768px\" \/><\/a><\/figure>\n\n\n\n<figure class=\"wp-block-image size-full is-style-default\"><a  href=\"https:\/\/radekvonhirschberg.eu\/wp-content\/uploads\/2021\/11\/swiaty-niemozliwe-3.jpg\" data-rel=\"lightbox-gallery-0\" data-rl_title=\"\" data-rl_caption=\"\" title=\"\"><img decoding=\"async\" width=\"1875\" height=\"1215\" data-id=\"573\"  src=\"https:\/\/radekvonhirschberg.eu\/wp-content\/uploads\/2021\/11\/swiaty-niemozliwe-3.jpg\" alt=\"\" class=\"wp-image-573\" srcset=\"https:\/\/radekvonhirschberg.eu\/wp-content\/uploads\/2021\/11\/swiaty-niemozliwe-3.jpg 1875w, https:\/\/radekvonhirschberg.eu\/wp-content\/uploads\/2021\/11\/swiaty-niemozliwe-3-300x194.jpg 300w, https:\/\/radekvonhirschberg.eu\/wp-content\/uploads\/2021\/11\/swiaty-niemozliwe-3-1024x664.jpg 1024w, https:\/\/radekvonhirschberg.eu\/wp-content\/uploads\/2021\/11\/swiaty-niemozliwe-3-768x498.jpg 768w, https:\/\/radekvonhirschberg.eu\/wp-content\/uploads\/2021\/11\/swiaty-niemozliwe-3-1536x995.jpg 1536w\" sizes=\"(max-width: 1875px) 100vw, 1875px\" \/><\/a><\/figure>\n\n\n\n<figure class=\"wp-block-image size-full is-style-default\"><a  href=\"https:\/\/radekvonhirschberg.eu\/wp-content\/uploads\/2021\/11\/swiaty-niemozliwe-4.jpg\" data-rel=\"lightbox-gallery-0\" data-rl_title=\"\" data-rl_caption=\"\" title=\"\"><img decoding=\"async\" width=\"1438\" height=\"1916\" data-id=\"575\"  src=\"https:\/\/radekvonhirschberg.eu\/wp-content\/uploads\/2021\/11\/swiaty-niemozliwe-4.jpg\" alt=\"\" class=\"wp-image-575\" srcset=\"https:\/\/radekvonhirschberg.eu\/wp-content\/uploads\/2021\/11\/swiaty-niemozliwe-4.jpg 1438w, https:\/\/radekvonhirschberg.eu\/wp-content\/uploads\/2021\/11\/swiaty-niemozliwe-4-225x300.jpg 225w, https:\/\/radekvonhirschberg.eu\/wp-content\/uploads\/2021\/11\/swiaty-niemozliwe-4-769x1024.jpg 769w, https:\/\/radekvonhirschberg.eu\/wp-content\/uploads\/2021\/11\/swiaty-niemozliwe-4-768x1023.jpg 768w, https:\/\/radekvonhirschberg.eu\/wp-content\/uploads\/2021\/11\/swiaty-niemozliwe-4-1153x1536.jpg 1153w\" sizes=\"(max-width: 1438px) 100vw, 1438px\" \/><\/a><\/figure>\n\n\n\n<figure class=\"wp-block-image size-full is-style-default\"><a  href=\"https:\/\/radekvonhirschberg.eu\/wp-content\/uploads\/2021\/11\/swiaty-niemozliwe-5.jpg\" data-rel=\"lightbox-gallery-0\" data-rl_title=\"\" data-rl_caption=\"\" title=\"\"><img decoding=\"async\" width=\"1875\" height=\"1250\" data-id=\"577\"  src=\"https:\/\/radekvonhirschberg.eu\/wp-content\/uploads\/2021\/11\/swiaty-niemozliwe-5.jpg\" alt=\"\" class=\"wp-image-577\" srcset=\"https:\/\/radekvonhirschberg.eu\/wp-content\/uploads\/2021\/11\/swiaty-niemozliwe-5.jpg 1875w, https:\/\/radekvonhirschberg.eu\/wp-content\/uploads\/2021\/11\/swiaty-niemozliwe-5-300x200.jpg 300w, https:\/\/radekvonhirschberg.eu\/wp-content\/uploads\/2021\/11\/swiaty-niemozliwe-5-1024x683.jpg 1024w, https:\/\/radekvonhirschberg.eu\/wp-content\/uploads\/2021\/11\/swiaty-niemozliwe-5-768x512.jpg 768w, https:\/\/radekvonhirschberg.eu\/wp-content\/uploads\/2021\/11\/swiaty-niemozliwe-5-1536x1024.jpg 1536w\" sizes=\"(max-width: 1875px) 100vw, 1875px\" \/><\/a><\/figure>\n<\/figure>\n","protected":false},"featured_media":566,"template":"","categories":[48,1],"yoast_head":"<!-- This site is optimized with the Yoast SEO plugin v17.3 - https:\/\/yoast.com\/wordpress\/plugins\/seo\/ -->\n<title>Wystawa | \u015awiaty (nie)mo\u017cliwe - Warszawa, 2021 &bull; Radek von Hirschberg<\/title>\n<meta name=\"robots\" content=\"index, follow, max-snippet:-1, max-image-preview:large, max-video-preview:-1\" \/>\n<link rel=\"canonical\" href=\"https:\/\/radekvonhirschberg.eu\/pl\/exhibitions\/wystawa-swiaty-niemozliwe\/\" \/>\n<meta property=\"og:locale\" content=\"pl_PL\" \/>\n<meta property=\"og:type\" content=\"article\" \/>\n<meta property=\"og:title\" content=\"Wystawa | \u015awiaty (nie)mo\u017cliwe - Warszawa, 2021 &bull; Radek von Hirschberg\" \/>\n<meta property=\"og:description\" content=\"Wystawa \u201e\u015awiaty (nie)mo\u017cliwe\u201d zorganizowana we wsp\u00f3\u0142pracy Fundacji Nova Ars Poloniae &amp; Ciemna Strona Sztuki \u2013 Dark Side of Art w otwartej przestrzeni Centrum Praskiego Koneser. (7-30 wrze\u015bnia 2021 r.) Wi\u0119cej informacji \u015awiaty (nie)mo\u017cliwe &#8211; wystawa &#8211; Warszawa\" \/>\n<meta property=\"og:url\" content=\"https:\/\/radekvonhirschberg.eu\/pl\/exhibitions\/wystawa-swiaty-niemozliwe\/\" \/>\n<meta property=\"og:site_name\" content=\"Radek von Hirschberg\" \/>\n<meta property=\"article:modified_time\" content=\"2024-06-01T15:24:27+00:00\" \/>\n<meta property=\"og:image\" content=\"https:\/\/radekvonhirschberg.eu\/wp-content\/uploads\/2021\/11\/swiaty-niemozliwe.jpg\" \/>\n\t<meta property=\"og:image:width\" content=\"2048\" \/>\n\t<meta property=\"og:image:height\" content=\"2048\" \/>\n<meta name=\"twitter:card\" content=\"summary_large_image\" \/>\n<meta name=\"twitter:label1\" content=\"Szacowany czas czytania\" \/>\n\t<meta name=\"twitter:data1\" content=\"3 minuty\" \/>\n<script type=\"application\/ld+json\" class=\"yoast-schema-graph\">{\"@context\":\"https:\/\/schema.org\",\"@graph\":[{\"@type\":\"WebSite\",\"@id\":\"https:\/\/radekvonhirschberg.eu\/pl\/#website\",\"url\":\"https:\/\/radekvonhirschberg.eu\/pl\/\",\"name\":\"Radek von Hirschberg\",\"description\":\"Radek von Hirschberg | Born in Poland but taking pictures from all over the world\",\"potentialAction\":[{\"@type\":\"SearchAction\",\"target\":{\"@type\":\"EntryPoint\",\"urlTemplate\":\"https:\/\/radekvonhirschberg.eu\/pl\/?s={search_term_string}\"},\"query-input\":\"required name=search_term_string\"}],\"inLanguage\":\"pl-PL\"},{\"@type\":\"ImageObject\",\"@id\":\"https:\/\/radekvonhirschberg.eu\/pl\/exhibitions\/wystawa-swiaty-niemozliwe\/#primaryimage\",\"inLanguage\":\"pl-PL\",\"url\":\"https:\/\/radekvonhirschberg.eu\/wp-content\/uploads\/2021\/11\/swiaty-niemozliwe.jpg\",\"contentUrl\":\"https:\/\/radekvonhirschberg.eu\/wp-content\/uploads\/2021\/11\/swiaty-niemozliwe.jpg\",\"width\":2048,\"height\":2048},{\"@type\":\"WebPage\",\"@id\":\"https:\/\/radekvonhirschberg.eu\/pl\/exhibitions\/wystawa-swiaty-niemozliwe\/#webpage\",\"url\":\"https:\/\/radekvonhirschberg.eu\/pl\/exhibitions\/wystawa-swiaty-niemozliwe\/\",\"name\":\"Wystawa | \\u015awiaty (nie)mo\\u017cliwe - Warszawa, 2021 &bull; Radek von Hirschberg\",\"isPartOf\":{\"@id\":\"https:\/\/radekvonhirschberg.eu\/pl\/#website\"},\"primaryImageOfPage\":{\"@id\":\"https:\/\/radekvonhirschberg.eu\/pl\/exhibitions\/wystawa-swiaty-niemozliwe\/#primaryimage\"},\"datePublished\":\"2023-07-21T14:11:31+00:00\",\"dateModified\":\"2024-06-01T15:24:27+00:00\",\"breadcrumb\":{\"@id\":\"https:\/\/radekvonhirschberg.eu\/pl\/exhibitions\/wystawa-swiaty-niemozliwe\/#breadcrumb\"},\"inLanguage\":\"pl-PL\",\"potentialAction\":[{\"@type\":\"ReadAction\",\"target\":[\"https:\/\/radekvonhirschberg.eu\/pl\/exhibitions\/wystawa-swiaty-niemozliwe\/\"]}]},{\"@type\":\"BreadcrumbList\",\"@id\":\"https:\/\/radekvonhirschberg.eu\/pl\/exhibitions\/wystawa-swiaty-niemozliwe\/#breadcrumb\",\"itemListElement\":[{\"@type\":\"ListItem\",\"position\":1,\"name\":\"Strona g\\u0142\\u00f3wna\",\"item\":\"https:\/\/radekvonhirschberg.eu\/pl\/\"},{\"@type\":\"ListItem\",\"position\":2,\"name\":\"Exhibitions\",\"item\":\"https:\/\/radekvonhirschberg.eu\/pl\/exhibitions\/\"},{\"@type\":\"ListItem\",\"position\":3,\"name\":\"Wystawa | \\u015awiaty (nie)mo\\u017cliwe &#8211; Warszawa, 2021\"}]}]}<\/script>\n<!-- \/ Yoast SEO plugin. -->","yoast_head_json":{"title":"Wystawa | \u015awiaty (nie)mo\u017cliwe - Warszawa, 2021 &bull; Radek von Hirschberg","robots":{"index":"index","follow":"follow","max-snippet":"max-snippet:-1","max-image-preview":"max-image-preview:large","max-video-preview":"max-video-preview:-1"},"canonical":"https:\/\/radekvonhirschberg.eu\/pl\/exhibitions\/wystawa-swiaty-niemozliwe\/","og_locale":"pl_PL","og_type":"article","og_title":"Wystawa | \u015awiaty (nie)mo\u017cliwe - Warszawa, 2021 &bull; Radek von Hirschberg","og_description":"Wystawa \u201e\u015awiaty (nie)mo\u017cliwe\u201d zorganizowana we wsp\u00f3\u0142pracy Fundacji Nova Ars Poloniae &amp; Ciemna Strona Sztuki \u2013 Dark Side of Art w otwartej przestrzeni Centrum Praskiego Koneser. (7-30 wrze\u015bnia 2021 r.) Wi\u0119cej informacji \u015awiaty (nie)mo\u017cliwe &#8211; wystawa &#8211; Warszawa","og_url":"https:\/\/radekvonhirschberg.eu\/pl\/exhibitions\/wystawa-swiaty-niemozliwe\/","og_site_name":"Radek von Hirschberg","article_modified_time":"2024-06-01T15:24:27+00:00","og_image":[{"width":2048,"height":2048,"url":"https:\/\/radekvonhirschberg.eu\/wp-content\/uploads\/2021\/11\/swiaty-niemozliwe.jpg","type":"image\/jpeg"}],"twitter_card":"summary_large_image","twitter_misc":{"Szacowany czas czytania":"3 minuty"},"schema":{"@context":"https:\/\/schema.org","@graph":[{"@type":"WebSite","@id":"https:\/\/radekvonhirschberg.eu\/pl\/#website","url":"https:\/\/radekvonhirschberg.eu\/pl\/","name":"Radek von Hirschberg","description":"Radek von Hirschberg | Born in Poland but taking pictures from all over the world","potentialAction":[{"@type":"SearchAction","target":{"@type":"EntryPoint","urlTemplate":"https:\/\/radekvonhirschberg.eu\/pl\/?s={search_term_string}"},"query-input":"required name=search_term_string"}],"inLanguage":"pl-PL"},{"@type":"ImageObject","@id":"https:\/\/radekvonhirschberg.eu\/pl\/exhibitions\/wystawa-swiaty-niemozliwe\/#primaryimage","inLanguage":"pl-PL","url":"https:\/\/radekvonhirschberg.eu\/wp-content\/uploads\/2021\/11\/swiaty-niemozliwe.jpg","contentUrl":"https:\/\/radekvonhirschberg.eu\/wp-content\/uploads\/2021\/11\/swiaty-niemozliwe.jpg","width":2048,"height":2048},{"@type":"WebPage","@id":"https:\/\/radekvonhirschberg.eu\/pl\/exhibitions\/wystawa-swiaty-niemozliwe\/#webpage","url":"https:\/\/radekvonhirschberg.eu\/pl\/exhibitions\/wystawa-swiaty-niemozliwe\/","name":"Wystawa | \u015awiaty (nie)mo\u017cliwe - Warszawa, 2021 &bull; Radek von Hirschberg","isPartOf":{"@id":"https:\/\/radekvonhirschberg.eu\/pl\/#website"},"primaryImageOfPage":{"@id":"https:\/\/radekvonhirschberg.eu\/pl\/exhibitions\/wystawa-swiaty-niemozliwe\/#primaryimage"},"datePublished":"2023-07-21T14:11:31+00:00","dateModified":"2024-06-01T15:24:27+00:00","breadcrumb":{"@id":"https:\/\/radekvonhirschberg.eu\/pl\/exhibitions\/wystawa-swiaty-niemozliwe\/#breadcrumb"},"inLanguage":"pl-PL","potentialAction":[{"@type":"ReadAction","target":["https:\/\/radekvonhirschberg.eu\/pl\/exhibitions\/wystawa-swiaty-niemozliwe\/"]}]},{"@type":"BreadcrumbList","@id":"https:\/\/radekvonhirschberg.eu\/pl\/exhibitions\/wystawa-swiaty-niemozliwe\/#breadcrumb","itemListElement":[{"@type":"ListItem","position":1,"name":"Strona g\u0142\u00f3wna","item":"https:\/\/radekvonhirschberg.eu\/pl\/"},{"@type":"ListItem","position":2,"name":"Exhibitions","item":"https:\/\/radekvonhirschberg.eu\/pl\/exhibitions\/"},{"@type":"ListItem","position":3,"name":"Wystawa | \u015awiaty (nie)mo\u017cliwe &#8211; Warszawa, 2021"}]}]}},"_links":{"self":[{"href":"https:\/\/radekvonhirschberg.eu\/pl\/wp-json\/wp\/v2\/exhibitions\/583"}],"collection":[{"href":"https:\/\/radekvonhirschberg.eu\/pl\/wp-json\/wp\/v2\/exhibitions"}],"about":[{"href":"https:\/\/radekvonhirschberg.eu\/pl\/wp-json\/wp\/v2\/types\/exhibitions"}],"wp:featuredmedia":[{"embeddable":true,"href":"https:\/\/radekvonhirschberg.eu\/pl\/wp-json\/wp\/v2\/media\/566"}],"wp:attachment":[{"href":"https:\/\/radekvonhirschberg.eu\/pl\/wp-json\/wp\/v2\/media?parent=583"}],"wp:term":[{"taxonomy":"category","embeddable":true,"href":"https:\/\/radekvonhirschberg.eu\/pl\/wp-json\/wp\/v2\/categories?post=583"}],"curies":[{"name":"wp","href":"https:\/\/api.w.org\/{rel}","templated":true}]}}