{"id":12284,"date":"2023-07-21T16:15:00","date_gmt":"2023-07-21T14:15:00","guid":{"rendered":"https:\/\/radekvonhirschberg.eu\/?post_type=exhibitions&#038;p=12284"},"modified":"2024-12-17T11:48:47","modified_gmt":"2024-12-17T10:48:47","slug":"xxviii-ogolnopolski-konkurs-fotografii-portret-2023","status":"publish","type":"exhibitions","link":"https:\/\/radekvonhirschberg.eu\/pl\/exhibitions\/xxviii-ogolnopolski-konkurs-fotografii-portret-2023\/","title":{"rendered":"Wystawa | Og\u00f3lnopolski Konkurs Fotografii &#8222;PORTRET&#8221; &#8211; Trzcianka, 2023-2024"},"content":{"rendered":"<div class=\"wp-block-image is-style-default\">\n<figure class=\"aligncenter size-full\"><img decoding=\"async\" width=\"1036\" height=\"284\" src=\"https:\/\/radekvonhirschberg.eu\/wp-content\/uploads\/2023\/11\/image.png\" alt=\"\" class=\"wp-image-12285\" srcset=\"https:\/\/radekvonhirschberg.eu\/wp-content\/uploads\/2023\/11\/image.png 1036w, https:\/\/radekvonhirschberg.eu\/wp-content\/uploads\/2023\/11\/image-300x82.png 300w, https:\/\/radekvonhirschberg.eu\/wp-content\/uploads\/2023\/11\/image-1024x281.png 1024w, https:\/\/radekvonhirschberg.eu\/wp-content\/uploads\/2023\/11\/image-490x134.png 490w, https:\/\/radekvonhirschberg.eu\/wp-content\/uploads\/2023\/11\/image-768x211.png 768w\" sizes=\"(max-width: 1036px) 100vw, 1036px\" \/><\/figure><\/div>\n\n\n<p>W 2024 roku fotografia pt. <em>Opuszczona<\/em> zosta\u0142a zakwalifikowana do wystawy pokonkursowej Og\u00f3lnopolskiego Konkursu Fotografii PORTRET. <\/p>\n\n\n\n<p>Wernisa\u017c 13 grudnia 2025 r. godz. 17:00, Wystawa 16 grudnia 2024 r. &#8211; 21 stycznia 2025 r. w Centrum Integracji Spo\u0142ecznej w Trzciance &#8211; <a aria-label=\"wi\u0119cej... (opens in a new tab)\" href=\"https:\/\/bpick.trzcianka.pl\/2024\/11\/29\/rozstrzygniecie-xxix-ogolnopolskiego-konkursu-fotografii-portret-w-trzciance\/\" target=\"_blank\" rel=\"noreferrer noopener\" class=\"ek-link\"><strong><mark style=\"background-color:rgba(0, 0, 0, 0)\" class=\"has-inline-color has-vivid-red-color\">wi\u0119cej&#8230;<\/mark><\/strong><\/a><\/p>\n\n\n\n<p>W 2023 roku fotografia pt. <em>(Dis)connected<\/em> zosta\u0142a zakwalifikowana do wystawy pokonkursowej Og\u00f3lnopolskiego Konkursu Fotografii PORTRET. <\/p>\n\n\n\n<p>Wystawa 4 grudnia 2023 r. &#8211; 12 stycznia 2024 r. &#8211; <a href=\"https:\/\/www.facebook.com\/OgolnopolskiKonkursFotografiiPortret\/posts\/888431513073180\/\" class=\"ek-link\"><strong><mark style=\"background-color:rgba(0, 0, 0, 0)\" class=\"has-inline-color has-vivid-red-color\">wi\u0119cej&#8230;<\/mark><\/strong><\/a><\/p>\n\n\n\n<p><\/p>\n\n\n\n<figure class=\"is-layout-flex wp-block-gallery-1 wp-block-gallery has-nested-images columns-1 is-cropped\">\n<figure class=\"wp-block-image size-full is-style-default\"><a  href=\"https:\/\/radekvonhirschberg.eu\/wp-content\/uploads\/2023\/07\/469302877_1931777213997566_29515146354805501_n.jpg\" data-rel=\"lightbox-gallery-0\" data-rl_title=\"\" data-rl_caption=\"\" title=\"\"><img decoding=\"async\" width=\"2048\" height=\"2048\" data-id=\"17849\"  src=\"https:\/\/radekvonhirschberg.eu\/wp-content\/uploads\/2023\/07\/469302877_1931777213997566_29515146354805501_n.jpg\" alt=\"\" class=\"wp-image-17849\" srcset=\"https:\/\/radekvonhirschberg.eu\/wp-content\/uploads\/2023\/07\/469302877_1931777213997566_29515146354805501_n.jpg 2048w, https:\/\/radekvonhirschberg.eu\/wp-content\/uploads\/2023\/07\/469302877_1931777213997566_29515146354805501_n-300x300.jpg 300w, https:\/\/radekvonhirschberg.eu\/wp-content\/uploads\/2023\/07\/469302877_1931777213997566_29515146354805501_n-1024x1024.jpg 1024w, https:\/\/radekvonhirschberg.eu\/wp-content\/uploads\/2023\/07\/469302877_1931777213997566_29515146354805501_n-490x490.jpg 490w, https:\/\/radekvonhirschberg.eu\/wp-content\/uploads\/2023\/07\/469302877_1931777213997566_29515146354805501_n-768x768.jpg 768w, https:\/\/radekvonhirschberg.eu\/wp-content\/uploads\/2023\/07\/469302877_1931777213997566_29515146354805501_n-1536x1536.jpg 1536w\" sizes=\"(max-width: 2048px) 100vw, 2048px\" \/><\/a><\/figure>\n\n\n\n<figure class=\"wp-block-image size-full is-style-default\"><a  href=\"https:\/\/radekvonhirschberg.eu\/wp-content\/uploads\/2024\/12\/464787324_1906683736506914_995881883911255467_n.jpg\" data-rel=\"lightbox-gallery-0\" data-rl_title=\"\" data-rl_caption=\"\" title=\"\"><img decoding=\"async\" width=\"1290\" height=\"1894\" data-id=\"17851\"  src=\"https:\/\/radekvonhirschberg.eu\/wp-content\/uploads\/2024\/12\/464787324_1906683736506914_995881883911255467_n.jpg\" alt=\"\" class=\"wp-image-17851\" srcset=\"https:\/\/radekvonhirschberg.eu\/wp-content\/uploads\/2024\/12\/464787324_1906683736506914_995881883911255467_n.jpg 1290w, https:\/\/radekvonhirschberg.eu\/wp-content\/uploads\/2024\/12\/464787324_1906683736506914_995881883911255467_n-204x300.jpg 204w, https:\/\/radekvonhirschberg.eu\/wp-content\/uploads\/2024\/12\/464787324_1906683736506914_995881883911255467_n-697x1024.jpg 697w, https:\/\/radekvonhirschberg.eu\/wp-content\/uploads\/2024\/12\/464787324_1906683736506914_995881883911255467_n-470x690.jpg 470w, https:\/\/radekvonhirschberg.eu\/wp-content\/uploads\/2024\/12\/464787324_1906683736506914_995881883911255467_n-768x1128.jpg 768w, https:\/\/radekvonhirschberg.eu\/wp-content\/uploads\/2024\/12\/464787324_1906683736506914_995881883911255467_n-1046x1536.jpg 1046w\" sizes=\"(max-width: 1290px) 100vw, 1290px\" \/><\/a><figcaption class=\"wp-element-caption\">Opuszczona<\/figcaption><\/figure>\n\n\n\n<figure class=\"wp-block-image size-full is-style-default\"><a  href=\"https:\/\/radekvonhirschberg.eu\/wp-content\/uploads\/2024\/12\/img_6463.jpeg\" data-rel=\"lightbox-gallery-0\" data-rl_title=\"\" data-rl_caption=\"\" title=\"\"><img decoding=\"async\" width=\"2048\" height=\"1365\" data-id=\"18344\"  src=\"https:\/\/radekvonhirschberg.eu\/wp-content\/uploads\/2024\/12\/img_6463.jpeg\" alt=\"\" class=\"wp-image-18344\" srcset=\"https:\/\/radekvonhirschberg.eu\/wp-content\/uploads\/2024\/12\/img_6463.jpeg 2048w, https:\/\/radekvonhirschberg.eu\/wp-content\/uploads\/2024\/12\/img_6463-300x200.jpeg 300w, https:\/\/radekvonhirschberg.eu\/wp-content\/uploads\/2024\/12\/img_6463-1024x683.jpeg 1024w, https:\/\/radekvonhirschberg.eu\/wp-content\/uploads\/2024\/12\/img_6463-490x327.jpeg 490w, https:\/\/radekvonhirschberg.eu\/wp-content\/uploads\/2024\/12\/img_6463-768x512.jpeg 768w, https:\/\/radekvonhirschberg.eu\/wp-content\/uploads\/2024\/12\/img_6463-1536x1024.jpeg 1536w\" sizes=\"(max-width: 2048px) 100vw, 2048px\" \/><\/a><\/figure>\n\n\n\n<figure class=\"wp-block-image size-full is-style-default\"><a  href=\"https:\/\/radekvonhirschberg.eu\/wp-content\/uploads\/2024\/12\/img_6456.jpeg\" data-rel=\"lightbox-gallery-0\" data-rl_title=\"\" data-rl_caption=\"\" title=\"\"><img decoding=\"async\" width=\"2048\" height=\"1365\" data-id=\"18340\"  src=\"https:\/\/radekvonhirschberg.eu\/wp-content\/uploads\/2024\/12\/img_6456.jpeg\" alt=\"\" class=\"wp-image-18340\" srcset=\"https:\/\/radekvonhirschberg.eu\/wp-content\/uploads\/2024\/12\/img_6456.jpeg 2048w, https:\/\/radekvonhirschberg.eu\/wp-content\/uploads\/2024\/12\/img_6456-300x200.jpeg 300w, https:\/\/radekvonhirschberg.eu\/wp-content\/uploads\/2024\/12\/img_6456-1024x683.jpeg 1024w, https:\/\/radekvonhirschberg.eu\/wp-content\/uploads\/2024\/12\/img_6456-490x327.jpeg 490w, https:\/\/radekvonhirschberg.eu\/wp-content\/uploads\/2024\/12\/img_6456-768x512.jpeg 768w, https:\/\/radekvonhirschberg.eu\/wp-content\/uploads\/2024\/12\/img_6456-1536x1024.jpeg 1536w\" sizes=\"(max-width: 2048px) 100vw, 2048px\" \/><\/a><\/figure>\n\n\n\n<figure class=\"wp-block-image size-full is-style-default\"><a  href=\"https:\/\/radekvonhirschberg.eu\/wp-content\/uploads\/2024\/12\/img_6458.jpeg\" data-rel=\"lightbox-gallery-0\" data-rl_title=\"\" data-rl_caption=\"\" title=\"\"><img decoding=\"async\" width=\"2048\" height=\"1365\" data-id=\"18336\"  src=\"https:\/\/radekvonhirschberg.eu\/wp-content\/uploads\/2024\/12\/img_6458.jpeg\" alt=\"\" class=\"wp-image-18336\" srcset=\"https:\/\/radekvonhirschberg.eu\/wp-content\/uploads\/2024\/12\/img_6458.jpeg 2048w, https:\/\/radekvonhirschberg.eu\/wp-content\/uploads\/2024\/12\/img_6458-300x200.jpeg 300w, https:\/\/radekvonhirschberg.eu\/wp-content\/uploads\/2024\/12\/img_6458-1024x683.jpeg 1024w, https:\/\/radekvonhirschberg.eu\/wp-content\/uploads\/2024\/12\/img_6458-490x327.jpeg 490w, https:\/\/radekvonhirschberg.eu\/wp-content\/uploads\/2024\/12\/img_6458-768x512.jpeg 768w, https:\/\/radekvonhirschberg.eu\/wp-content\/uploads\/2024\/12\/img_6458-1536x1024.jpeg 1536w\" sizes=\"(max-width: 2048px) 100vw, 2048px\" \/><\/a><\/figure>\n\n\n\n<figure class=\"wp-block-image size-full is-style-default\"><a  href=\"https:\/\/radekvonhirschberg.eu\/wp-content\/uploads\/2024\/12\/img_6457.jpeg\" data-rel=\"lightbox-gallery-0\" data-rl_title=\"\" data-rl_caption=\"\" title=\"\"><img decoding=\"async\" width=\"2048\" height=\"1365\" data-id=\"18334\"  src=\"https:\/\/radekvonhirschberg.eu\/wp-content\/uploads\/2024\/12\/img_6457.jpeg\" alt=\"\" class=\"wp-image-18334\" srcset=\"https:\/\/radekvonhirschberg.eu\/wp-content\/uploads\/2024\/12\/img_6457.jpeg 2048w, https:\/\/radekvonhirschberg.eu\/wp-content\/uploads\/2024\/12\/img_6457-300x200.jpeg 300w, https:\/\/radekvonhirschberg.eu\/wp-content\/uploads\/2024\/12\/img_6457-1024x683.jpeg 1024w, https:\/\/radekvonhirschberg.eu\/wp-content\/uploads\/2024\/12\/img_6457-490x327.jpeg 490w, https:\/\/radekvonhirschberg.eu\/wp-content\/uploads\/2024\/12\/img_6457-768x512.jpeg 768w, https:\/\/radekvonhirschberg.eu\/wp-content\/uploads\/2024\/12\/img_6457-1536x1024.jpeg 1536w\" sizes=\"(max-width: 2048px) 100vw, 2048px\" \/><\/a><\/figure>\n\n\n\n<figure class=\"wp-block-image size-full is-style-default\"><a  href=\"https:\/\/radekvonhirschberg.eu\/wp-content\/uploads\/2024\/12\/img_6460.jpeg\" data-rel=\"lightbox-gallery-0\" data-rl_title=\"\" data-rl_caption=\"\" title=\"\"><img decoding=\"async\" width=\"2048\" height=\"1365\" data-id=\"18342\"  src=\"https:\/\/radekvonhirschberg.eu\/wp-content\/uploads\/2024\/12\/img_6460.jpeg\" alt=\"\" class=\"wp-image-18342\" srcset=\"https:\/\/radekvonhirschberg.eu\/wp-content\/uploads\/2024\/12\/img_6460.jpeg 2048w, https:\/\/radekvonhirschberg.eu\/wp-content\/uploads\/2024\/12\/img_6460-300x200.jpeg 300w, https:\/\/radekvonhirschberg.eu\/wp-content\/uploads\/2024\/12\/img_6460-1024x683.jpeg 1024w, https:\/\/radekvonhirschberg.eu\/wp-content\/uploads\/2024\/12\/img_6460-490x327.jpeg 490w, https:\/\/radekvonhirschberg.eu\/wp-content\/uploads\/2024\/12\/img_6460-768x512.jpeg 768w, https:\/\/radekvonhirschberg.eu\/wp-content\/uploads\/2024\/12\/img_6460-1536x1024.jpeg 1536w\" sizes=\"(max-width: 2048px) 100vw, 2048px\" \/><\/a><\/figure>\n\n\n\n<figure class=\"wp-block-image size-full is-style-default\"><a  href=\"https:\/\/radekvonhirschberg.eu\/wp-content\/uploads\/2024\/12\/img_6461.jpeg\" data-rel=\"lightbox-gallery-0\" data-rl_title=\"\" data-rl_caption=\"\" title=\"\"><img decoding=\"async\" width=\"2048\" height=\"1365\" data-id=\"18338\"  src=\"https:\/\/radekvonhirschberg.eu\/wp-content\/uploads\/2024\/12\/img_6461.jpeg\" alt=\"\" class=\"wp-image-18338\" srcset=\"https:\/\/radekvonhirschberg.eu\/wp-content\/uploads\/2024\/12\/img_6461.jpeg 2048w, https:\/\/radekvonhirschberg.eu\/wp-content\/uploads\/2024\/12\/img_6461-300x200.jpeg 300w, https:\/\/radekvonhirschberg.eu\/wp-content\/uploads\/2024\/12\/img_6461-1024x683.jpeg 1024w, https:\/\/radekvonhirschberg.eu\/wp-content\/uploads\/2024\/12\/img_6461-490x327.jpeg 490w, https:\/\/radekvonhirschberg.eu\/wp-content\/uploads\/2024\/12\/img_6461-768x512.jpeg 768w, https:\/\/radekvonhirschberg.eu\/wp-content\/uploads\/2024\/12\/img_6461-1536x1024.jpeg 1536w\" sizes=\"(max-width: 2048px) 100vw, 2048px\" \/><\/a><\/figure>\n\n\n\n<figure class=\"wp-block-image size-full is-style-default\"><a  href=\"https:\/\/radekvonhirschberg.eu\/wp-content\/uploads\/2024\/12\/402657228_1683235142185109_8773461720989529158_n.jpg\" data-rel=\"lightbox-gallery-0\" data-rl_title=\"\" data-rl_caption=\"\" title=\"\"><img decoding=\"async\" width=\"1080\" height=\"1080\" data-id=\"17853\"  src=\"https:\/\/radekvonhirschberg.eu\/wp-content\/uploads\/2024\/12\/402657228_1683235142185109_8773461720989529158_n.jpg\" alt=\"\" class=\"wp-image-17853\" srcset=\"https:\/\/radekvonhirschberg.eu\/wp-content\/uploads\/2024\/12\/402657228_1683235142185109_8773461720989529158_n.jpg 1080w, https:\/\/radekvonhirschberg.eu\/wp-content\/uploads\/2024\/12\/402657228_1683235142185109_8773461720989529158_n-300x300.jpg 300w, https:\/\/radekvonhirschberg.eu\/wp-content\/uploads\/2024\/12\/402657228_1683235142185109_8773461720989529158_n-1024x1024.jpg 1024w, https:\/\/radekvonhirschberg.eu\/wp-content\/uploads\/2024\/12\/402657228_1683235142185109_8773461720989529158_n-490x490.jpg 490w, https:\/\/radekvonhirschberg.eu\/wp-content\/uploads\/2024\/12\/402657228_1683235142185109_8773461720989529158_n-768x768.jpg 768w\" sizes=\"(max-width: 1080px) 100vw, 1080px\" \/><\/a><\/figure>\n\n\n\n<figure class=\"wp-block-image size-full is-style-default\"><a  href=\"https:\/\/radekvonhirschberg.eu\/wp-content\/uploads\/2023\/11\/whatsapp-image-2023-11-22-at-18.18.11-1.jpeg\" data-rel=\"lightbox-gallery-0\" data-rl_title=\"\" data-rl_caption=\"\" title=\"\"><img decoding=\"async\" width=\"1080\" height=\"1558\" data-id=\"12291\"  src=\"https:\/\/radekvonhirschberg.eu\/wp-content\/uploads\/2023\/11\/whatsapp-image-2023-11-22-at-18.18.11-1.jpeg\" alt=\"\" class=\"wp-image-12291\" srcset=\"https:\/\/radekvonhirschberg.eu\/wp-content\/uploads\/2023\/11\/whatsapp-image-2023-11-22-at-18.18.11-1.jpeg 1080w, https:\/\/radekvonhirschberg.eu\/wp-content\/uploads\/2023\/11\/whatsapp-image-2023-11-22-at-18.18.11-1-208x300.jpeg 208w, https:\/\/radekvonhirschberg.eu\/wp-content\/uploads\/2023\/11\/whatsapp-image-2023-11-22-at-18.18.11-1-710x1024.jpeg 710w, https:\/\/radekvonhirschberg.eu\/wp-content\/uploads\/2023\/11\/whatsapp-image-2023-11-22-at-18.18.11-1-478x690.jpeg 478w, https:\/\/radekvonhirschberg.eu\/wp-content\/uploads\/2023\/11\/whatsapp-image-2023-11-22-at-18.18.11-1-768x1108.jpeg 768w, https:\/\/radekvonhirschberg.eu\/wp-content\/uploads\/2023\/11\/whatsapp-image-2023-11-22-at-18.18.11-1-1065x1536.jpeg 1065w\" sizes=\"(max-width: 1080px) 100vw, 1080px\" \/><\/a><figcaption class=\"wp-element-caption\">(Dis)connected<\/figcaption><\/figure>\n<\/figure>\n\n\n\n<p><\/p>\n","protected":false},"featured_media":17855,"template":"","categories":[48],"yoast_head":"<!-- This site is optimized with the Yoast SEO plugin v17.3 - https:\/\/yoast.com\/wordpress\/plugins\/seo\/ -->\n<title>Wystawa | Og\u00f3lnopolski Konkurs Fotografii &quot;PORTRET&quot; - Trzcianka, 2023-2024 &bull; Radek von Hirschberg<\/title>\n<meta name=\"robots\" content=\"index, follow, max-snippet:-1, max-image-preview:large, max-video-preview:-1\" \/>\n<link rel=\"canonical\" href=\"https:\/\/radekvonhirschberg.eu\/pl\/exhibitions\/xxviii-ogolnopolski-konkurs-fotografii-portret-2023\/\" \/>\n<meta property=\"og:locale\" content=\"pl_PL\" \/>\n<meta property=\"og:type\" content=\"article\" \/>\n<meta property=\"og:title\" content=\"Wystawa | Og\u00f3lnopolski Konkurs Fotografii &quot;PORTRET&quot; - Trzcianka, 2023-2024 &bull; Radek von Hirschberg\" \/>\n<meta property=\"og:description\" content=\"W 2024 roku fotografia pt. Opuszczona zosta\u0142a zakwalifikowana do wystawy pokonkursowej Og\u00f3lnopolskiego Konkursu Fotografii PORTRET. Wernisa\u017c 13 grudnia 2025 r. godz. 17:00, Wystawa 16 grudnia 2024 r. &#8211; 21 stycznia 2025 r. w Centrum Integracji Spo\u0142ecznej w Trzciance &#8211; wi\u0119cej&#8230; W 2023 roku fotografia pt. (Dis)connected zosta\u0142a zakwalifikowana do wystawy pokonkursowej Og\u00f3lnopolskiego Konkursu Fotografii PORTRET. [&hellip;]\" \/>\n<meta property=\"og:url\" content=\"https:\/\/radekvonhirschberg.eu\/pl\/exhibitions\/xxviii-ogolnopolski-konkurs-fotografii-portret-2023\/\" \/>\n<meta property=\"og:site_name\" content=\"Radek von Hirschberg\" \/>\n<meta property=\"article:modified_time\" content=\"2024-12-17T10:48:47+00:00\" \/>\n<meta property=\"og:image\" content=\"https:\/\/radekvonhirschberg.eu\/wp-content\/uploads\/2023\/07\/projekt-bez-nazwy-20.png\" \/>\n\t<meta property=\"og:image:width\" content=\"1080\" \/>\n\t<meta property=\"og:image:height\" content=\"1080\" \/>\n<meta name=\"twitter:card\" content=\"summary_large_image\" \/>\n<meta name=\"twitter:label1\" content=\"Szacowany czas czytania\" \/>\n\t<meta name=\"twitter:data1\" content=\"3 minuty\" \/>\n<script type=\"application\/ld+json\" class=\"yoast-schema-graph\">{\"@context\":\"https:\/\/schema.org\",\"@graph\":[{\"@type\":\"WebSite\",\"@id\":\"https:\/\/radekvonhirschberg.eu\/pl\/#website\",\"url\":\"https:\/\/radekvonhirschberg.eu\/pl\/\",\"name\":\"Radek von Hirschberg\",\"description\":\"Radek von Hirschberg | Born in Poland but taking pictures from all over the world\",\"potentialAction\":[{\"@type\":\"SearchAction\",\"target\":{\"@type\":\"EntryPoint\",\"urlTemplate\":\"https:\/\/radekvonhirschberg.eu\/pl\/?s={search_term_string}\"},\"query-input\":\"required name=search_term_string\"}],\"inLanguage\":\"pl-PL\"},{\"@type\":\"ImageObject\",\"@id\":\"https:\/\/radekvonhirschberg.eu\/pl\/exhibitions\/xxviii-ogolnopolski-konkurs-fotografii-portret-2023\/#primaryimage\",\"inLanguage\":\"pl-PL\",\"url\":\"https:\/\/radekvonhirschberg.eu\/wp-content\/uploads\/2023\/07\/projekt-bez-nazwy-20.png\",\"contentUrl\":\"https:\/\/radekvonhirschberg.eu\/wp-content\/uploads\/2023\/07\/projekt-bez-nazwy-20.png\",\"width\":1080,\"height\":1080},{\"@type\":\"WebPage\",\"@id\":\"https:\/\/radekvonhirschberg.eu\/pl\/exhibitions\/xxviii-ogolnopolski-konkurs-fotografii-portret-2023\/#webpage\",\"url\":\"https:\/\/radekvonhirschberg.eu\/pl\/exhibitions\/xxviii-ogolnopolski-konkurs-fotografii-portret-2023\/\",\"name\":\"Wystawa | Og\\u00f3lnopolski Konkurs Fotografii \\\"PORTRET\\\" - Trzcianka, 2023-2024 &bull; Radek von Hirschberg\",\"isPartOf\":{\"@id\":\"https:\/\/radekvonhirschberg.eu\/pl\/#website\"},\"primaryImageOfPage\":{\"@id\":\"https:\/\/radekvonhirschberg.eu\/pl\/exhibitions\/xxviii-ogolnopolski-konkurs-fotografii-portret-2023\/#primaryimage\"},\"datePublished\":\"2023-07-21T14:15:00+00:00\",\"dateModified\":\"2024-12-17T10:48:47+00:00\",\"breadcrumb\":{\"@id\":\"https:\/\/radekvonhirschberg.eu\/pl\/exhibitions\/xxviii-ogolnopolski-konkurs-fotografii-portret-2023\/#breadcrumb\"},\"inLanguage\":\"pl-PL\",\"potentialAction\":[{\"@type\":\"ReadAction\",\"target\":[\"https:\/\/radekvonhirschberg.eu\/pl\/exhibitions\/xxviii-ogolnopolski-konkurs-fotografii-portret-2023\/\"]}]},{\"@type\":\"BreadcrumbList\",\"@id\":\"https:\/\/radekvonhirschberg.eu\/pl\/exhibitions\/xxviii-ogolnopolski-konkurs-fotografii-portret-2023\/#breadcrumb\",\"itemListElement\":[{\"@type\":\"ListItem\",\"position\":1,\"name\":\"Strona g\\u0142\\u00f3wna\",\"item\":\"https:\/\/radekvonhirschberg.eu\/pl\/\"},{\"@type\":\"ListItem\",\"position\":2,\"name\":\"Exhibitions\",\"item\":\"https:\/\/radekvonhirschberg.eu\/pl\/exhibitions\/\"},{\"@type\":\"ListItem\",\"position\":3,\"name\":\"Wystawa | Og\\u00f3lnopolski Konkurs Fotografii &#8222;PORTRET&#8221; &#8211; Trzcianka, 2023-2024\"}]}]}<\/script>\n<!-- \/ Yoast SEO plugin. -->","yoast_head_json":{"title":"Wystawa | Og\u00f3lnopolski Konkurs Fotografii \"PORTRET\" - Trzcianka, 2023-2024 &bull; Radek von Hirschberg","robots":{"index":"index","follow":"follow","max-snippet":"max-snippet:-1","max-image-preview":"max-image-preview:large","max-video-preview":"max-video-preview:-1"},"canonical":"https:\/\/radekvonhirschberg.eu\/pl\/exhibitions\/xxviii-ogolnopolski-konkurs-fotografii-portret-2023\/","og_locale":"pl_PL","og_type":"article","og_title":"Wystawa | Og\u00f3lnopolski Konkurs Fotografii \"PORTRET\" - Trzcianka, 2023-2024 &bull; Radek von Hirschberg","og_description":"W 2024 roku fotografia pt. Opuszczona zosta\u0142a zakwalifikowana do wystawy pokonkursowej Og\u00f3lnopolskiego Konkursu Fotografii PORTRET. Wernisa\u017c 13 grudnia 2025 r. godz. 17:00, Wystawa 16 grudnia 2024 r. &#8211; 21 stycznia 2025 r. w Centrum Integracji Spo\u0142ecznej w Trzciance &#8211; wi\u0119cej&#8230; W 2023 roku fotografia pt. (Dis)connected zosta\u0142a zakwalifikowana do wystawy pokonkursowej Og\u00f3lnopolskiego Konkursu Fotografii PORTRET. [&hellip;]","og_url":"https:\/\/radekvonhirschberg.eu\/pl\/exhibitions\/xxviii-ogolnopolski-konkurs-fotografii-portret-2023\/","og_site_name":"Radek von Hirschberg","article_modified_time":"2024-12-17T10:48:47+00:00","og_image":[{"width":1080,"height":1080,"url":"https:\/\/radekvonhirschberg.eu\/wp-content\/uploads\/2023\/07\/projekt-bez-nazwy-20.png","type":"image\/png"}],"twitter_card":"summary_large_image","twitter_misc":{"Szacowany czas czytania":"3 minuty"},"schema":{"@context":"https:\/\/schema.org","@graph":[{"@type":"WebSite","@id":"https:\/\/radekvonhirschberg.eu\/pl\/#website","url":"https:\/\/radekvonhirschberg.eu\/pl\/","name":"Radek von Hirschberg","description":"Radek von Hirschberg | Born in Poland but taking pictures from all over the world","potentialAction":[{"@type":"SearchAction","target":{"@type":"EntryPoint","urlTemplate":"https:\/\/radekvonhirschberg.eu\/pl\/?s={search_term_string}"},"query-input":"required name=search_term_string"}],"inLanguage":"pl-PL"},{"@type":"ImageObject","@id":"https:\/\/radekvonhirschberg.eu\/pl\/exhibitions\/xxviii-ogolnopolski-konkurs-fotografii-portret-2023\/#primaryimage","inLanguage":"pl-PL","url":"https:\/\/radekvonhirschberg.eu\/wp-content\/uploads\/2023\/07\/projekt-bez-nazwy-20.png","contentUrl":"https:\/\/radekvonhirschberg.eu\/wp-content\/uploads\/2023\/07\/projekt-bez-nazwy-20.png","width":1080,"height":1080},{"@type":"WebPage","@id":"https:\/\/radekvonhirschberg.eu\/pl\/exhibitions\/xxviii-ogolnopolski-konkurs-fotografii-portret-2023\/#webpage","url":"https:\/\/radekvonhirschberg.eu\/pl\/exhibitions\/xxviii-ogolnopolski-konkurs-fotografii-portret-2023\/","name":"Wystawa | Og\u00f3lnopolski Konkurs Fotografii \"PORTRET\" - Trzcianka, 2023-2024 &bull; Radek von Hirschberg","isPartOf":{"@id":"https:\/\/radekvonhirschberg.eu\/pl\/#website"},"primaryImageOfPage":{"@id":"https:\/\/radekvonhirschberg.eu\/pl\/exhibitions\/xxviii-ogolnopolski-konkurs-fotografii-portret-2023\/#primaryimage"},"datePublished":"2023-07-21T14:15:00+00:00","dateModified":"2024-12-17T10:48:47+00:00","breadcrumb":{"@id":"https:\/\/radekvonhirschberg.eu\/pl\/exhibitions\/xxviii-ogolnopolski-konkurs-fotografii-portret-2023\/#breadcrumb"},"inLanguage":"pl-PL","potentialAction":[{"@type":"ReadAction","target":["https:\/\/radekvonhirschberg.eu\/pl\/exhibitions\/xxviii-ogolnopolski-konkurs-fotografii-portret-2023\/"]}]},{"@type":"BreadcrumbList","@id":"https:\/\/radekvonhirschberg.eu\/pl\/exhibitions\/xxviii-ogolnopolski-konkurs-fotografii-portret-2023\/#breadcrumb","itemListElement":[{"@type":"ListItem","position":1,"name":"Strona g\u0142\u00f3wna","item":"https:\/\/radekvonhirschberg.eu\/pl\/"},{"@type":"ListItem","position":2,"name":"Exhibitions","item":"https:\/\/radekvonhirschberg.eu\/pl\/exhibitions\/"},{"@type":"ListItem","position":3,"name":"Wystawa | Og\u00f3lnopolski Konkurs Fotografii &#8222;PORTRET&#8221; &#8211; Trzcianka, 2023-2024"}]}]}},"_links":{"self":[{"href":"https:\/\/radekvonhirschberg.eu\/pl\/wp-json\/wp\/v2\/exhibitions\/12284"}],"collection":[{"href":"https:\/\/radekvonhirschberg.eu\/pl\/wp-json\/wp\/v2\/exhibitions"}],"about":[{"href":"https:\/\/radekvonhirschberg.eu\/pl\/wp-json\/wp\/v2\/types\/exhibitions"}],"wp:featuredmedia":[{"embeddable":true,"href":"https:\/\/radekvonhirschberg.eu\/pl\/wp-json\/wp\/v2\/media\/17855"}],"wp:attachment":[{"href":"https:\/\/radekvonhirschberg.eu\/pl\/wp-json\/wp\/v2\/media?parent=12284"}],"wp:term":[{"taxonomy":"category","embeddable":true,"href":"https:\/\/radekvonhirschberg.eu\/pl\/wp-json\/wp\/v2\/categories?post=12284"}],"curies":[{"name":"wp","href":"https:\/\/api.w.org\/{rel}","templated":true}]}}